{"id":2797,"date":"2024-04-17T15:13:50","date_gmt":"2024-04-17T15:13:50","guid":{"rendered":"http:\/\/invivoarts.fr\/?page_id=2797"},"modified":"2025-11-30T07:49:16","modified_gmt":"2025-11-30T07:49:16","slug":"equipe-spaniola","status":"publish","type":"page","link":"https:\/\/invivoarts.fr\/?page_id=2797&lang=es","title":{"rendered":"EQUIPO"},"content":{"rendered":"\t\t<div data-elementor-type=\"wp-page\" data-elementor-id=\"2797\" class=\"elementor elementor-2797\">\n\t\t\t\t\t\t<section class=\"elementor-section elementor-top-section elementor-element elementor-element-2ad7c9b elementor-section-boxed elementor-section-height-default elementor-section-height-default\" data-id=\"2ad7c9b\" data-element_type=\"section\" data-settings=\"{&quot;background_background&quot;:&quot;classic&quot;}\">\n\t\t\t\t\t\t<div class=\"elementor-container elementor-column-gap-default\">\n\t\t\t\t\t<div class=\"elementor-column elementor-col-100 elementor-top-column elementor-element elementor-element-0f9fe93\" data-id=\"0f9fe93\" data-element_type=\"column\">\n\t\t\t<div class=\"elementor-widget-wrap elementor-element-populated\">\n\t\t\t\t\t\t<div class=\"elementor-element elementor-element-0876daf elementor-widget elementor-widget-spacer\" data-id=\"0876daf\" data-element_type=\"widget\" data-widget_type=\"spacer.default\">\n\t\t\t\t<div class=\"elementor-widget-container\">\n\t\t\t\t\t<div class=\"elementor-spacer\">\n\t\t\t<div class=\"elementor-spacer-inner\"><\/div>\n\t\t<\/div>\n\t\t\t\t<\/div>\n\t\t\t\t<\/div>\n\t\t\t\t<div class=\"elementor-element elementor-element-55c37e4 elementor-widget elementor-widget-text-editor\" data-id=\"55c37e4\" data-element_type=\"widget\" data-widget_type=\"text-editor.default\">\n\t\t\t\t<div class=\"elementor-widget-container\">\n\t\t\t\t\t\t\t<p>Direcci\u00f3n Editorial<\/p>\t\t\t\t\t\t<\/div>\n\t\t\t\t<\/div>\n\t\t\t\t\t<\/div>\n\t\t<\/div>\n\t\t\t\t\t<\/div>\n\t\t<\/section>\n\t\t\t\t<section class=\"elementor-section elementor-top-section elementor-element elementor-element-e77d298 elementor-section-boxed elementor-section-height-default elementor-section-height-default\" data-id=\"e77d298\" data-element_type=\"section\" data-settings=\"{&quot;background_background&quot;:&quot;classic&quot;}\">\n\t\t\t\t\t\t<div class=\"elementor-container elementor-column-gap-default\">\n\t\t\t\t\t<div class=\"elementor-column elementor-col-50 elementor-top-column elementor-element elementor-element-f17c3f2\" data-id=\"f17c3f2\" data-element_type=\"column\">\n\t\t\t<div class=\"elementor-widget-wrap elementor-element-populated\">\n\t\t\t\t\t\t<section class=\"elementor-section elementor-inner-section elementor-element elementor-element-bef83ac elementor-section-boxed elementor-section-height-default elementor-section-height-default\" data-id=\"bef83ac\" data-element_type=\"section\">\n\t\t\t\t\t\t<div class=\"elementor-container elementor-column-gap-default\">\n\t\t\t\t\t<div class=\"elementor-column elementor-col-100 elementor-inner-column elementor-element elementor-element-f1858dd\" data-id=\"f1858dd\" data-element_type=\"column\" data-settings=\"{&quot;background_background&quot;:&quot;classic&quot;}\">\n\t\t\t<div class=\"elementor-widget-wrap elementor-element-populated\">\n\t\t\t\t\t\t<div class=\"elementor-element elementor-element-2637056 elementor-widget elementor-widget-image\" data-id=\"2637056\" data-element_type=\"widget\" data-widget_type=\"image.default\">\n\t\t\t\t<div class=\"elementor-widget-container\">\n\t\t\t\t\t\t\t\t\t\t\t\t\t<img fetchpriority=\"high\" decoding=\"async\" width=\"300\" height=\"300\" src=\"https:\/\/invivoarts.fr\/wp-content\/uploads\/2025\/04\/Alexandru-Bumbas-300x300.jpg\" class=\"attachment-medium size-medium wp-image-3443\" alt=\"\" srcset=\"https:\/\/invivoarts.fr\/wp-content\/uploads\/2025\/04\/Alexandru-Bumbas-300x300.jpg 300w, https:\/\/invivoarts.fr\/wp-content\/uploads\/2025\/04\/Alexandru-Bumbas-150x150.jpg 150w, https:\/\/invivoarts.fr\/wp-content\/uploads\/2025\/04\/Alexandru-Bumbas.jpg 410w\" sizes=\"(max-width: 300px) 100vw, 300px\" \/>\t\t\t\t\t\t\t\t\t\t\t\t\t<\/div>\n\t\t\t\t<\/div>\n\t\t\t\t<div class=\"elementor-element elementor-element-2e63592 elementor-widget elementor-widget-spacer\" data-id=\"2e63592\" data-element_type=\"widget\" data-widget_type=\"spacer.default\">\n\t\t\t\t<div class=\"elementor-widget-container\">\n\t\t\t\t\t<div class=\"elementor-spacer\">\n\t\t\t<div class=\"elementor-spacer-inner\"><\/div>\n\t\t<\/div>\n\t\t\t\t<\/div>\n\t\t\t\t<\/div>\n\t\t\t\t<div class=\"elementor-element elementor-element-a9a60af elementor-widget elementor-widget-text-editor\" data-id=\"a9a60af\" data-element_type=\"widget\" data-widget_type=\"text-editor.default\">\n\t\t\t\t<div class=\"elementor-widget-container\">\n\t\t\t\t\t\t\t<p><strong>Alexandru Bumbas<\/strong><\/p>\t\t\t\t\t\t<\/div>\n\t\t\t\t<\/div>\n\t\t\t\t<div class=\"elementor-element elementor-element-34c15dc elementor-widget elementor-widget-text-editor\" data-id=\"34c15dc\" data-element_type=\"widget\" data-widget_type=\"text-editor.default\">\n\t\t\t\t<div class=\"elementor-widget-container\">\n\t\t\t\t\t\t\t<p>Coeditor en jefe<\/p>\t\t\t\t\t\t<\/div>\n\t\t\t\t<\/div>\n\t\t\t\t<div class=\"elementor-element elementor-element-b9e7ff2 elementor-widget__width-initial elementor-widget elementor-widget-text-editor\" data-id=\"b9e7ff2\" data-element_type=\"widget\" data-widget_type=\"text-editor.default\">\n\t\t\t\t<div class=\"elementor-widget-container\">\n\t\t\t\t\t\t\t<p>Profesor de teatro en la Escuela de Arte Dram\u00e1tico del Teatro Nacional de Bogot\u00e1, Colombia. Doctor en Estudios Teatrales (Sorbona Nueva, Par\u00eds) y doctorando en Estudios Jud\u00edos (INALCO, Par\u00eds), dramaturgo y director de escena. Galardonado con la Aide nationale \u00e0 la cr\u00e9ation dramatique \u2013 ARTCENA. Becario de la Fundaci\u00f3n Rothschild. Ha publicado, con la editorial Complicit\u00e9s de Par\u00eds, la monograf\u00eda La Dystopie th\u00e9\u00e2trale. \u00c9mergence d\u2019une nouvelle forme dramatique (2022) y el volumen de teatro Anthologie de l\u2019absence (2024).<\/p>\t\t\t\t\t\t<\/div>\n\t\t\t\t<\/div>\n\t\t\t\t\t<\/div>\n\t\t<\/div>\n\t\t\t\t\t<\/div>\n\t\t<\/section>\n\t\t\t\t\t<\/div>\n\t\t<\/div>\n\t\t\t\t<div class=\"elementor-column elementor-col-50 elementor-top-column elementor-element elementor-element-bc30911\" data-id=\"bc30911\" data-element_type=\"column\">\n\t\t\t<div class=\"elementor-widget-wrap elementor-element-populated\">\n\t\t\t\t\t\t<section class=\"elementor-section elementor-inner-section elementor-element elementor-element-04502e1 elementor-section-boxed elementor-section-height-default elementor-section-height-default\" data-id=\"04502e1\" data-element_type=\"section\">\n\t\t\t\t\t\t<div class=\"elementor-container elementor-column-gap-default\">\n\t\t\t\t\t<div class=\"elementor-column elementor-col-100 elementor-inner-column elementor-element elementor-element-4a22cbe\" data-id=\"4a22cbe\" data-element_type=\"column\" data-settings=\"{&quot;background_background&quot;:&quot;classic&quot;}\">\n\t\t\t<div class=\"elementor-widget-wrap elementor-element-populated\">\n\t\t\t\t\t\t<div class=\"elementor-element elementor-element-4bb1980 elementor-widget elementor-widget-image\" data-id=\"4bb1980\" data-element_type=\"widget\" data-widget_type=\"image.default\">\n\t\t\t\t<div class=\"elementor-widget-container\">\n\t\t\t\t\t\t\t\t\t\t\t\t\t<img decoding=\"async\" width=\"300\" height=\"300\" src=\"https:\/\/invivoarts.fr\/wp-content\/uploads\/2025\/11\/Anca-Pop-3-300x300.jpg\" class=\"attachment-medium size-medium wp-image-4940\" alt=\"\" srcset=\"https:\/\/invivoarts.fr\/wp-content\/uploads\/2025\/11\/Anca-Pop-3-300x300.jpg 300w, https:\/\/invivoarts.fr\/wp-content\/uploads\/2025\/11\/Anca-Pop-3-1024x1024.jpg 1024w, https:\/\/invivoarts.fr\/wp-content\/uploads\/2025\/11\/Anca-Pop-3-150x150.jpg 150w, https:\/\/invivoarts.fr\/wp-content\/uploads\/2025\/11\/Anca-Pop-3-768x768.jpg 768w, https:\/\/invivoarts.fr\/wp-content\/uploads\/2025\/11\/Anca-Pop-3-1536x1536.jpg 1536w, https:\/\/invivoarts.fr\/wp-content\/uploads\/2025\/11\/Anca-Pop-3-2048x2048.jpg 2048w\" sizes=\"(max-width: 300px) 100vw, 300px\" \/>\t\t\t\t\t\t\t\t\t\t\t\t\t<\/div>\n\t\t\t\t<\/div>\n\t\t\t\t<div class=\"elementor-element elementor-element-92fe1f2 elementor-widget elementor-widget-spacer\" data-id=\"92fe1f2\" data-element_type=\"widget\" data-widget_type=\"spacer.default\">\n\t\t\t\t<div class=\"elementor-widget-container\">\n\t\t\t\t\t<div class=\"elementor-spacer\">\n\t\t\t<div class=\"elementor-spacer-inner\"><\/div>\n\t\t<\/div>\n\t\t\t\t<\/div>\n\t\t\t\t<\/div>\n\t\t\t\t<div class=\"elementor-element elementor-element-5a0bd50 elementor-widget elementor-widget-text-editor\" data-id=\"5a0bd50\" data-element_type=\"widget\" data-widget_type=\"text-editor.default\">\n\t\t\t\t<div class=\"elementor-widget-container\">\n\t\t\t\t\t\t\t<p><strong>Anca Pop<\/strong><\/p>\t\t\t\t\t\t<\/div>\n\t\t\t\t<\/div>\n\t\t\t\t<div class=\"elementor-element elementor-element-6379b55 elementor-widget elementor-widget-text-editor\" data-id=\"6379b55\" data-element_type=\"widget\" data-widget_type=\"text-editor.default\">\n\t\t\t\t<div class=\"elementor-widget-container\">\n\t\t\t\t\t\t\t<p>Coeditora en jefe<\/p>\t\t\t\t\t\t<\/div>\n\t\t\t\t<\/div>\n\t\t\t\t<div class=\"elementor-element elementor-element-c3f093f elementor-widget__width-initial elementor-widget elementor-widget-text-editor\" data-id=\"c3f093f\" data-element_type=\"widget\" data-widget_type=\"text-editor.default\">\n\t\t\t\t<div class=\"elementor-widget-container\">\n\t\t\t\t\t\t\t<p>Investigadora y editora con sede en Londres, Anca trabaja en la intersecci\u00f3n de la filosof\u00eda continental, las ciencias de la vida, la historia de las ideas, la geopol\u00edtica y las artes visuales y esc\u00e9nicas. Actualmente cursa su doctorado en Filosof\u00eda en la Royal Holloway de la Universidad de Londres, donde escribe una tesis sobre la Filosof\u00eda Francesa de la Medicina y la Biolog\u00eda, con el apoyo de una beca Techne AHRC. Anca ha impartido Filosof\u00eda Europea Moderna y Epistemolog\u00eda Contempor\u00e1nea y actualmente investiga los archivos de fotograf\u00eda m\u00e9dica hist\u00f3rica y su actual redistribuci\u00f3n del \u00e1mbito cl\u00ednico a museos y galer\u00edas.<\/p>\t\t\t\t\t\t<\/div>\n\t\t\t\t<\/div>\n\t\t\t\t\t<\/div>\n\t\t<\/div>\n\t\t\t\t\t<\/div>\n\t\t<\/section>\n\t\t\t\t\t<\/div>\n\t\t<\/div>\n\t\t\t\t\t<\/div>\n\t\t<\/section>\n\t\t\t\t<section class=\"elementor-section elementor-top-section elementor-element elementor-element-3e0778f elementor-section-boxed elementor-section-height-default elementor-section-height-default\" data-id=\"3e0778f\" data-element_type=\"section\" data-settings=\"{&quot;background_background&quot;:&quot;classic&quot;}\">\n\t\t\t\t\t\t<div class=\"elementor-container elementor-column-gap-default\">\n\t\t\t\t\t<div class=\"elementor-column elementor-col-100 elementor-top-column elementor-element elementor-element-9818f5e\" data-id=\"9818f5e\" data-element_type=\"column\">\n\t\t\t<div class=\"elementor-widget-wrap elementor-element-populated\">\n\t\t\t\t\t\t<div class=\"elementor-element elementor-element-99bad67 elementor-widget elementor-widget-spacer\" data-id=\"99bad67\" data-element_type=\"widget\" data-widget_type=\"spacer.default\">\n\t\t\t\t<div class=\"elementor-widget-container\">\n\t\t\t\t\t<div class=\"elementor-spacer\">\n\t\t\t<div class=\"elementor-spacer-inner\"><\/div>\n\t\t<\/div>\n\t\t\t\t<\/div>\n\t\t\t\t<\/div>\n\t\t\t\t<div class=\"elementor-element elementor-element-3cfa327 elementor-widget elementor-widget-text-editor\" data-id=\"3cfa327\" data-element_type=\"widget\" data-widget_type=\"text-editor.default\">\n\t\t\t\t<div class=\"elementor-widget-container\">\n\t\t\t\t\t\t\t<p>Comit\u00e9 Editorial<\/p>\t\t\t\t\t\t<\/div>\n\t\t\t\t<\/div>\n\t\t\t\t\t<\/div>\n\t\t<\/div>\n\t\t\t\t\t<\/div>\n\t\t<\/section>\n\t\t\t\t<section class=\"elementor-section elementor-top-section elementor-element elementor-element-d6010c5 elementor-section-boxed elementor-section-height-default elementor-section-height-default\" data-id=\"d6010c5\" data-element_type=\"section\" data-settings=\"{&quot;background_background&quot;:&quot;classic&quot;}\">\n\t\t\t\t\t\t<div class=\"elementor-container elementor-column-gap-default\">\n\t\t\t\t\t<div class=\"elementor-column elementor-col-50 elementor-top-column elementor-element elementor-element-0bc3217\" data-id=\"0bc3217\" data-element_type=\"column\">\n\t\t\t<div class=\"elementor-widget-wrap elementor-element-populated\">\n\t\t\t\t\t\t<section class=\"elementor-section elementor-inner-section elementor-element elementor-element-a0ae20f elementor-section-boxed elementor-section-height-default elementor-section-height-default\" data-id=\"a0ae20f\" data-element_type=\"section\">\n\t\t\t\t\t\t<div class=\"elementor-container elementor-column-gap-default\">\n\t\t\t\t\t<div class=\"elementor-column elementor-col-100 elementor-inner-column elementor-element elementor-element-9fb98e6\" data-id=\"9fb98e6\" data-element_type=\"column\" data-settings=\"{&quot;background_background&quot;:&quot;classic&quot;}\">\n\t\t\t<div class=\"elementor-widget-wrap elementor-element-populated\">\n\t\t\t\t\t\t<div class=\"elementor-element elementor-element-0a9cb66 elementor-widget elementor-widget-image\" data-id=\"0a9cb66\" data-element_type=\"widget\" data-widget_type=\"image.default\">\n\t\t\t\t<div class=\"elementor-widget-container\">\n\t\t\t\t\t\t\t\t\t\t\t\t\t<img decoding=\"async\" width=\"300\" height=\"300\" src=\"https:\/\/invivoarts.fr\/wp-content\/uploads\/2025\/04\/Andrei-Simionescu-Panait-300x300.png\" class=\"attachment-medium size-medium wp-image-4261\" alt=\"\" srcset=\"https:\/\/invivoarts.fr\/wp-content\/uploads\/2025\/04\/Andrei-Simionescu-Panait-300x300.png 300w, https:\/\/invivoarts.fr\/wp-content\/uploads\/2025\/04\/Andrei-Simionescu-Panait-150x150.png 150w, https:\/\/invivoarts.fr\/wp-content\/uploads\/2025\/04\/Andrei-Simionescu-Panait.png 410w\" sizes=\"(max-width: 300px) 100vw, 300px\" \/>\t\t\t\t\t\t\t\t\t\t\t\t\t<\/div>\n\t\t\t\t<\/div>\n\t\t\t\t<div class=\"elementor-element elementor-element-7bee1dd elementor-widget elementor-widget-spacer\" data-id=\"7bee1dd\" data-element_type=\"widget\" data-widget_type=\"spacer.default\">\n\t\t\t\t<div class=\"elementor-widget-container\">\n\t\t\t\t\t<div class=\"elementor-spacer\">\n\t\t\t<div class=\"elementor-spacer-inner\"><\/div>\n\t\t<\/div>\n\t\t\t\t<\/div>\n\t\t\t\t<\/div>\n\t\t\t\t<div class=\"elementor-element elementor-element-0fda3cf elementor-widget elementor-widget-text-editor\" data-id=\"0fda3cf\" data-element_type=\"widget\" data-widget_type=\"text-editor.default\">\n\t\t\t\t<div class=\"elementor-widget-container\">\n\t\t\t\t\t\t\t<p><strong>Andrei Simionescu-Panait<\/strong><\/p>\t\t\t\t\t\t<\/div>\n\t\t\t\t<\/div>\n\t\t\t\t<div class=\"elementor-element elementor-element-6b91766 elementor-widget__width-initial elementor-widget elementor-widget-text-editor\" data-id=\"6b91766\" data-element_type=\"widget\" data-widget_type=\"text-editor.default\">\n\t\t\t\t<div class=\"elementor-widget-container\">\n\t\t\t\t\t\t\t<p><span style=\"font-weight: 400;\">Andrei Simionescu-Panait, Ph.D. (Universidad de Bucarest), es profesor en la Universidad Nacional de Ciencia y Tecnolog\u00eda &#8220;Politehnica&#8221; de Bucarest, donde ense\u00f1a Filosof\u00eda de la Tecnolog\u00eda, \u00c9tica y Comunicaci\u00f3n. Forma parte de la primera generaci\u00f3n de asesores filos\u00f3ficos en Ruman\u00eda, tanto en la pr\u00e1ctica como en la formaci\u00f3n de futuros asesores. Andrei utiliza la LBT (terapia basada en la l\u00f3gica), la fenomenolog\u00eda y el di\u00e1logo socr\u00e1tico para facilitar la reflexi\u00f3n y la autoconciencia en su trabajo con los clientes. Tambi\u00e9n es profesor en el m\u00e1ster de Asesoramiento Filos\u00f3fico de la Universidad del Oeste de Timi\u0219oara, Ruman\u00eda. Actualmente, se centra en promover la pr\u00e1ctica filos\u00f3fica entre el p\u00fablico general.<\/span><\/p>\t\t\t\t\t\t<\/div>\n\t\t\t\t<\/div>\n\t\t\t\t\t<\/div>\n\t\t<\/div>\n\t\t\t\t\t<\/div>\n\t\t<\/section>\n\t\t\t\t\t<\/div>\n\t\t<\/div>\n\t\t\t\t<div class=\"elementor-column elementor-col-50 elementor-top-column elementor-element elementor-element-ae77fd2\" data-id=\"ae77fd2\" data-element_type=\"column\">\n\t\t\t<div class=\"elementor-widget-wrap elementor-element-populated\">\n\t\t\t\t\t\t<section class=\"elementor-section elementor-inner-section elementor-element elementor-element-537c832 elementor-section-boxed elementor-section-height-default elementor-section-height-default\" data-id=\"537c832\" data-element_type=\"section\">\n\t\t\t\t\t\t<div class=\"elementor-container elementor-column-gap-default\">\n\t\t\t\t\t<div class=\"elementor-column elementor-col-100 elementor-inner-column elementor-element elementor-element-472b5b7\" data-id=\"472b5b7\" data-element_type=\"column\" data-settings=\"{&quot;background_background&quot;:&quot;classic&quot;}\">\n\t\t\t<div class=\"elementor-widget-wrap elementor-element-populated\">\n\t\t\t\t\t\t<div class=\"elementor-element elementor-element-53bfd08 elementor-widget elementor-widget-image\" data-id=\"53bfd08\" data-element_type=\"widget\" data-widget_type=\"image.default\">\n\t\t\t\t<div class=\"elementor-widget-container\">\n\t\t\t\t\t\t\t\t\t\t\t\t\t<img loading=\"lazy\" decoding=\"async\" width=\"300\" height=\"300\" src=\"https:\/\/invivoarts.fr\/wp-content\/uploads\/2025\/04\/Doina-Anca-Cretu-300x300.png\" class=\"attachment-medium size-medium wp-image-3592\" alt=\"\" srcset=\"https:\/\/invivoarts.fr\/wp-content\/uploads\/2025\/04\/Doina-Anca-Cretu-300x300.png 300w, https:\/\/invivoarts.fr\/wp-content\/uploads\/2025\/04\/Doina-Anca-Cretu-150x150.png 150w, https:\/\/invivoarts.fr\/wp-content\/uploads\/2025\/04\/Doina-Anca-Cretu.png 410w\" sizes=\"(max-width: 300px) 100vw, 300px\" \/>\t\t\t\t\t\t\t\t\t\t\t\t\t<\/div>\n\t\t\t\t<\/div>\n\t\t\t\t<div class=\"elementor-element elementor-element-eff34bf elementor-widget elementor-widget-spacer\" data-id=\"eff34bf\" data-element_type=\"widget\" data-widget_type=\"spacer.default\">\n\t\t\t\t<div class=\"elementor-widget-container\">\n\t\t\t\t\t<div class=\"elementor-spacer\">\n\t\t\t<div class=\"elementor-spacer-inner\"><\/div>\n\t\t<\/div>\n\t\t\t\t<\/div>\n\t\t\t\t<\/div>\n\t\t\t\t<div class=\"elementor-element elementor-element-c1bedc4 elementor-widget elementor-widget-text-editor\" data-id=\"c1bedc4\" data-element_type=\"widget\" data-widget_type=\"text-editor.default\">\n\t\t\t\t<div class=\"elementor-widget-container\">\n\t\t\t\t\t\t\t<p><strong>Doina-Anca Cre\u021bu<\/strong><\/p>\t\t\t\t\t\t<\/div>\n\t\t\t\t<\/div>\n\t\t\t\t<div class=\"elementor-element elementor-element-5e45e8e elementor-widget__width-initial elementor-widget elementor-widget-text-editor\" data-id=\"5e45e8e\" data-element_type=\"widget\" data-widget_type=\"text-editor.default\">\n\t\t\t\t<div class=\"elementor-widget-container\">\n\t\t\t\t\t\t\t<p>Profesora asistente de Historia Europea Moderna en la Universidad de Warwick, Reino Unido. Doctora en Historia Internacional y Pol\u00edtica del Instituto de Altos Estudios Internacionales y del Desarrollo de Ginebra, Suiza. Su investigaci\u00f3n se centra en la historia del humanitarismo, la historia del desarrollo y la historia de la migraci\u00f3n, especialmente la historia de los refugiados. Public\u00f3 su primera monograf\u00eda, Foreign Aid and State Building in Interwar Romania: In Quest of an Ideal con la editorial Stanford University Press (2024). Su investigaci\u00f3n en curso explora diversos aspectos de la historia de los refugiados en la Europa central y oriental imperial y posimperial.<\/p>\t\t\t\t\t\t<\/div>\n\t\t\t\t<\/div>\n\t\t\t\t\t<\/div>\n\t\t<\/div>\n\t\t\t\t\t<\/div>\n\t\t<\/section>\n\t\t\t\t\t<\/div>\n\t\t<\/div>\n\t\t\t\t\t<\/div>\n\t\t<\/section>\n\t\t\t\t<section class=\"elementor-section elementor-top-section elementor-element elementor-element-ed04a96 elementor-section-boxed elementor-section-height-default elementor-section-height-default\" data-id=\"ed04a96\" data-element_type=\"section\" data-settings=\"{&quot;background_background&quot;:&quot;classic&quot;}\">\n\t\t\t\t\t\t<div class=\"elementor-container elementor-column-gap-default\">\n\t\t\t\t\t<div class=\"elementor-column elementor-col-50 elementor-top-column elementor-element elementor-element-838142e\" data-id=\"838142e\" data-element_type=\"column\">\n\t\t\t<div class=\"elementor-widget-wrap elementor-element-populated\">\n\t\t\t\t\t\t<section class=\"elementor-section elementor-inner-section elementor-element elementor-element-bb18a9a elementor-section-boxed elementor-section-height-default elementor-section-height-default\" data-id=\"bb18a9a\" data-element_type=\"section\">\n\t\t\t\t\t\t<div class=\"elementor-container elementor-column-gap-default\">\n\t\t\t\t\t<div class=\"elementor-column elementor-col-100 elementor-inner-column elementor-element elementor-element-511986d\" data-id=\"511986d\" data-element_type=\"column\" data-settings=\"{&quot;background_background&quot;:&quot;classic&quot;}\">\n\t\t\t<div class=\"elementor-widget-wrap elementor-element-populated\">\n\t\t\t\t\t\t<div class=\"elementor-element elementor-element-722d353 elementor-widget elementor-widget-image\" data-id=\"722d353\" data-element_type=\"widget\" data-widget_type=\"image.default\">\n\t\t\t\t<div class=\"elementor-widget-container\">\n\t\t\t\t\t\t\t\t\t\t\t\t\t<img loading=\"lazy\" decoding=\"async\" width=\"300\" height=\"300\" src=\"https:\/\/invivoarts.fr\/wp-content\/uploads\/2025\/04\/Juan-Jose-Apolinar-Romero-300x300.png\" class=\"attachment-medium size-medium wp-image-3593\" alt=\"\" srcset=\"https:\/\/invivoarts.fr\/wp-content\/uploads\/2025\/04\/Juan-Jose-Apolinar-Romero-300x300.png 300w, https:\/\/invivoarts.fr\/wp-content\/uploads\/2025\/04\/Juan-Jose-Apolinar-Romero-150x150.png 150w, https:\/\/invivoarts.fr\/wp-content\/uploads\/2025\/04\/Juan-Jose-Apolinar-Romero.png 410w\" sizes=\"(max-width: 300px) 100vw, 300px\" \/>\t\t\t\t\t\t\t\t\t\t\t\t\t<\/div>\n\t\t\t\t<\/div>\n\t\t\t\t<div class=\"elementor-element elementor-element-a30a430 elementor-widget elementor-widget-spacer\" data-id=\"a30a430\" data-element_type=\"widget\" data-widget_type=\"spacer.default\">\n\t\t\t\t<div class=\"elementor-widget-container\">\n\t\t\t\t\t<div class=\"elementor-spacer\">\n\t\t\t<div class=\"elementor-spacer-inner\"><\/div>\n\t\t<\/div>\n\t\t\t\t<\/div>\n\t\t\t\t<\/div>\n\t\t\t\t<div class=\"elementor-element elementor-element-d536ba0 elementor-widget elementor-widget-text-editor\" data-id=\"d536ba0\" data-element_type=\"widget\" data-widget_type=\"text-editor.default\">\n\t\t\t\t<div class=\"elementor-widget-container\">\n\t\t\t\t\t\t\t<p><strong>Juan Jos\u00e9 Apolinar Romero<\/strong><\/p>\t\t\t\t\t\t<\/div>\n\t\t\t\t<\/div>\n\t\t\t\t<div class=\"elementor-element elementor-element-9986442 elementor-widget__width-initial elementor-widget elementor-widget-text-editor\" data-id=\"9986442\" data-element_type=\"widget\" data-widget_type=\"text-editor.default\">\n\t\t\t\t<div class=\"elementor-widget-container\">\n\t\t\t\t\t\t\t<p>Historiador del arte egresado de la Universidad de los Andes (Bogot\u00e1, Colombia) y M\u00e1ster en Estudios Avanzados en Historia del Arte de la Universidad de Salamanca. En su trabajo combina la investigaci\u00f3n con la pr\u00e1ctica art\u00edstica en varios medios (textil, digital, dibujo). Su obra ha hecho parte de la exhibici\u00f3n Hilos que nos conectan con el pasado del Museo del Oro de Bogot\u00e1 (2022-2023) y ha colaborado en proyectos editoriales como Historias del arte en Colombia, editado por Olga Acosta, Natalia Lozada y Juanita Solano, 2022.<\/p>\t\t\t\t\t\t<\/div>\n\t\t\t\t<\/div>\n\t\t\t\t\t<\/div>\n\t\t<\/div>\n\t\t\t\t\t<\/div>\n\t\t<\/section>\n\t\t\t\t\t<\/div>\n\t\t<\/div>\n\t\t\t\t<div class=\"elementor-column elementor-col-50 elementor-top-column elementor-element elementor-element-3477a9e\" data-id=\"3477a9e\" data-element_type=\"column\">\n\t\t\t<div class=\"elementor-widget-wrap elementor-element-populated\">\n\t\t\t\t\t\t<section class=\"elementor-section elementor-inner-section elementor-element elementor-element-8750765 elementor-section-boxed elementor-section-height-default elementor-section-height-default\" data-id=\"8750765\" data-element_type=\"section\">\n\t\t\t\t\t\t<div class=\"elementor-container elementor-column-gap-default\">\n\t\t\t\t\t<div class=\"elementor-column elementor-col-100 elementor-inner-column elementor-element elementor-element-4a1f93f\" data-id=\"4a1f93f\" data-element_type=\"column\" data-settings=\"{&quot;background_background&quot;:&quot;classic&quot;}\">\n\t\t\t<div class=\"elementor-widget-wrap elementor-element-populated\">\n\t\t\t\t\t\t<div class=\"elementor-element elementor-element-7991ad6 elementor-widget elementor-widget-image\" data-id=\"7991ad6\" data-element_type=\"widget\" data-widget_type=\"image.default\">\n\t\t\t\t<div class=\"elementor-widget-container\">\n\t\t\t\t\t\t\t\t\t\t\t\t\t<img loading=\"lazy\" decoding=\"async\" width=\"300\" height=\"300\" src=\"https:\/\/invivoarts.fr\/wp-content\/uploads\/2025\/04\/Larissa-Luica-300x300.png\" class=\"attachment-medium size-medium wp-image-3585\" alt=\"\" srcset=\"https:\/\/invivoarts.fr\/wp-content\/uploads\/2025\/04\/Larissa-Luica-300x300.png 300w, https:\/\/invivoarts.fr\/wp-content\/uploads\/2025\/04\/Larissa-Luica-150x150.png 150w, https:\/\/invivoarts.fr\/wp-content\/uploads\/2025\/04\/Larissa-Luica.png 410w\" sizes=\"(max-width: 300px) 100vw, 300px\" \/>\t\t\t\t\t\t\t\t\t\t\t\t\t<\/div>\n\t\t\t\t<\/div>\n\t\t\t\t<div class=\"elementor-element elementor-element-d3a3f9c elementor-widget elementor-widget-spacer\" data-id=\"d3a3f9c\" data-element_type=\"widget\" data-widget_type=\"spacer.default\">\n\t\t\t\t<div class=\"elementor-widget-container\">\n\t\t\t\t\t<div class=\"elementor-spacer\">\n\t\t\t<div class=\"elementor-spacer-inner\"><\/div>\n\t\t<\/div>\n\t\t\t\t<\/div>\n\t\t\t\t<\/div>\n\t\t\t\t<div class=\"elementor-element elementor-element-095f2f4 elementor-widget elementor-widget-text-editor\" data-id=\"095f2f4\" data-element_type=\"widget\" data-widget_type=\"text-editor.default\">\n\t\t\t\t<div class=\"elementor-widget-container\">\n\t\t\t\t\t\t\t<p><strong>Larissa Luic\u0103<\/strong><\/p>\t\t\t\t\t\t<\/div>\n\t\t\t\t<\/div>\n\t\t\t\t<div class=\"elementor-element elementor-element-134def7 elementor-widget__width-initial elementor-widget elementor-widget-text-editor\" data-id=\"134def7\" data-element_type=\"widget\" data-widget_type=\"text-editor.default\">\n\t\t\t\t<div class=\"elementor-widget-container\">\n\t\t\t\t\t\t\t<p>Doctora en Literaturas franc\u00e9sas, franc\u00f3fonas y comparadas por la Universidad Montaigne Bordeaux 3. Actualmente es investigadora en el CEREFREA (Centro Regional Franc\u00f3fono de Estudios Avanzados en Ciencias Sociales) de la Universidad de Bucarest, donde se dedica a la literatura franc\u00f3fona, a las escrituras autobiogr\u00e1ficas y pseudo-autobiogr\u00e1ficas, as\u00ed como a la representaci\u00f3n de los conflictos. Su investigaci\u00f3n se centra en la memoria cultural, la identidad narrativa y el papel del c\u00f3mic en la documentaci\u00f3n de experiencias hist\u00f3ricas y personales. Ha publicado sobre temas como la migraci\u00f3n, el exilio y la representaci\u00f3n de la guerra en la literatura franc\u00f3fona contempor\u00e1nea, con especial atenci\u00f3n a los conflictos en Medio Oriente. Codirige el eje de investigaci\u00f3n \u201cCreatividad, reactividad, francofon\u00eda\u201d dentro del CEREFREA.<\/p>\t\t\t\t\t\t<\/div>\n\t\t\t\t<\/div>\n\t\t\t\t\t<\/div>\n\t\t<\/div>\n\t\t\t\t\t<\/div>\n\t\t<\/section>\n\t\t\t\t\t<\/div>\n\t\t<\/div>\n\t\t\t\t\t<\/div>\n\t\t<\/section>\n\t\t\t\t<section class=\"elementor-section elementor-top-section elementor-element elementor-element-bb7312d elementor-section-boxed elementor-section-height-default elementor-section-height-default\" data-id=\"bb7312d\" data-element_type=\"section\" data-settings=\"{&quot;background_background&quot;:&quot;classic&quot;}\">\n\t\t\t\t\t\t<div class=\"elementor-container elementor-column-gap-default\">\n\t\t\t\t\t<div class=\"elementor-column elementor-col-50 elementor-top-column elementor-element elementor-element-99238fc\" data-id=\"99238fc\" data-element_type=\"column\">\n\t\t\t<div class=\"elementor-widget-wrap elementor-element-populated\">\n\t\t\t\t\t\t<section class=\"elementor-section elementor-inner-section elementor-element elementor-element-d683cfe elementor-section-boxed elementor-section-height-default elementor-section-height-default\" data-id=\"d683cfe\" data-element_type=\"section\">\n\t\t\t\t\t\t<div class=\"elementor-container elementor-column-gap-default\">\n\t\t\t\t\t<div class=\"elementor-column elementor-col-100 elementor-inner-column elementor-element elementor-element-8e62258\" data-id=\"8e62258\" data-element_type=\"column\" data-settings=\"{&quot;background_background&quot;:&quot;classic&quot;}\">\n\t\t\t<div class=\"elementor-widget-wrap elementor-element-populated\">\n\t\t\t\t\t\t<div class=\"elementor-element elementor-element-eee78d6 elementor-widget elementor-widget-image\" data-id=\"eee78d6\" data-element_type=\"widget\" data-widget_type=\"image.default\">\n\t\t\t\t<div class=\"elementor-widget-container\">\n\t\t\t\t\t\t\t\t\t\t\t\t\t<img loading=\"lazy\" decoding=\"async\" width=\"300\" height=\"300\" src=\"https:\/\/invivoarts.fr\/wp-content\/uploads\/2025\/04\/Laura-Florina-Stan-300x300.png\" class=\"attachment-medium size-medium wp-image-3586\" alt=\"\" srcset=\"https:\/\/invivoarts.fr\/wp-content\/uploads\/2025\/04\/Laura-Florina-Stan-300x300.png 300w, https:\/\/invivoarts.fr\/wp-content\/uploads\/2025\/04\/Laura-Florina-Stan-150x150.png 150w, https:\/\/invivoarts.fr\/wp-content\/uploads\/2025\/04\/Laura-Florina-Stan.png 410w\" sizes=\"(max-width: 300px) 100vw, 300px\" \/>\t\t\t\t\t\t\t\t\t\t\t\t\t<\/div>\n\t\t\t\t<\/div>\n\t\t\t\t<div class=\"elementor-element elementor-element-a83c459 elementor-widget elementor-widget-spacer\" data-id=\"a83c459\" data-element_type=\"widget\" data-widget_type=\"spacer.default\">\n\t\t\t\t<div class=\"elementor-widget-container\">\n\t\t\t\t\t<div class=\"elementor-spacer\">\n\t\t\t<div class=\"elementor-spacer-inner\"><\/div>\n\t\t<\/div>\n\t\t\t\t<\/div>\n\t\t\t\t<\/div>\n\t\t\t\t<div class=\"elementor-element elementor-element-bb5f9bf elementor-widget elementor-widget-text-editor\" data-id=\"bb5f9bf\" data-element_type=\"widget\" data-widget_type=\"text-editor.default\">\n\t\t\t\t<div class=\"elementor-widget-container\">\n\t\t\t\t\t\t\t<p><strong>Laura Stan<\/strong><\/p>\t\t\t\t\t\t<\/div>\n\t\t\t\t<\/div>\n\t\t\t\t<div class=\"elementor-element elementor-element-64543d0 elementor-widget__width-initial elementor-widget elementor-widget-text-editor\" data-id=\"64543d0\" data-element_type=\"widget\" data-widget_type=\"text-editor.default\">\n\t\t\t\t<div class=\"elementor-widget-container\">\n\t\t\t\t\t\t\t<p>Doctoranda en Estudios Coreanos en la Universidad Hanyang de Se\u00fal. Tiene una maestr\u00eda en Estudios Coreanos de la Universidad Hankuk de Estudios Extranjeros, tambi\u00e9n en Se\u00fal. Como fundadora del primer equipo rumano de samulnori (un conjunto musical tradicional coreano compuesto por cuatro instrumentos) \u2013 Pureun Narae \u2013 tambi\u00e9n ha participado activamente en numerosos proyectos culturales. Sus intereses acad\u00e9micos abarcan los estudios culturales, los estudios de las di\u00e1sporas y la seguridad internacional.<\/p>\t\t\t\t\t\t<\/div>\n\t\t\t\t<\/div>\n\t\t\t\t\t<\/div>\n\t\t<\/div>\n\t\t\t\t\t<\/div>\n\t\t<\/section>\n\t\t\t\t\t<\/div>\n\t\t<\/div>\n\t\t\t\t<div class=\"elementor-column elementor-col-50 elementor-top-column elementor-element elementor-element-847e897\" data-id=\"847e897\" data-element_type=\"column\">\n\t\t\t<div class=\"elementor-widget-wrap elementor-element-populated\">\n\t\t\t\t\t\t<section class=\"elementor-section elementor-inner-section elementor-element elementor-element-90903ae elementor-section-boxed elementor-section-height-default elementor-section-height-default\" data-id=\"90903ae\" data-element_type=\"section\">\n\t\t\t\t\t\t<div class=\"elementor-container elementor-column-gap-default\">\n\t\t\t\t\t<div class=\"elementor-column elementor-col-100 elementor-inner-column elementor-element elementor-element-28b82e7\" data-id=\"28b82e7\" data-element_type=\"column\" data-settings=\"{&quot;background_background&quot;:&quot;classic&quot;}\">\n\t\t\t<div class=\"elementor-widget-wrap elementor-element-populated\">\n\t\t\t\t\t\t<div class=\"elementor-element elementor-element-6b5ec5a elementor-widget elementor-widget-image\" data-id=\"6b5ec5a\" data-element_type=\"widget\" data-widget_type=\"image.default\">\n\t\t\t\t<div class=\"elementor-widget-container\">\n\t\t\t\t\t\t\t\t\t\t\t\t\t<img loading=\"lazy\" decoding=\"async\" width=\"300\" height=\"300\" src=\"https:\/\/invivoarts.fr\/wp-content\/uploads\/2025\/04\/Marie-Marquelet-300x300.png\" class=\"attachment-medium size-medium wp-image-3588\" alt=\"\" srcset=\"https:\/\/invivoarts.fr\/wp-content\/uploads\/2025\/04\/Marie-Marquelet-300x300.png 300w, https:\/\/invivoarts.fr\/wp-content\/uploads\/2025\/04\/Marie-Marquelet-150x150.png 150w, https:\/\/invivoarts.fr\/wp-content\/uploads\/2025\/04\/Marie-Marquelet.png 410w\" sizes=\"(max-width: 300px) 100vw, 300px\" \/>\t\t\t\t\t\t\t\t\t\t\t\t\t<\/div>\n\t\t\t\t<\/div>\n\t\t\t\t<div class=\"elementor-element elementor-element-b45e45e elementor-widget elementor-widget-spacer\" data-id=\"b45e45e\" data-element_type=\"widget\" data-widget_type=\"spacer.default\">\n\t\t\t\t<div class=\"elementor-widget-container\">\n\t\t\t\t\t<div class=\"elementor-spacer\">\n\t\t\t<div class=\"elementor-spacer-inner\"><\/div>\n\t\t<\/div>\n\t\t\t\t<\/div>\n\t\t\t\t<\/div>\n\t\t\t\t<div class=\"elementor-element elementor-element-90db1c9 elementor-widget elementor-widget-text-editor\" data-id=\"90db1c9\" data-element_type=\"widget\" data-widget_type=\"text-editor.default\">\n\t\t\t\t<div class=\"elementor-widget-container\">\n\t\t\t\t\t\t\t<p><strong>Marie Marquelet<\/strong><\/p>\t\t\t\t\t\t<\/div>\n\t\t\t\t<\/div>\n\t\t\t\t<div class=\"elementor-element elementor-element-cef0e74 elementor-widget__width-initial elementor-widget elementor-widget-text-editor\" data-id=\"cef0e74\" data-element_type=\"widget\" data-widget_type=\"text-editor.default\">\n\t\t\t\t<div class=\"elementor-widget-container\">\n\t\t\t\t\t\t\t<p>Marie Marquelet es doctoranda en Estudios Cinematogr\u00e1ficos en la Universidad de Breta\u00f1a Occidental e investigadora asociada en el laboratorio APP de la Universidad Rennes 2. En 2020, redact\u00f3 un trabajo de m\u00e1ster en Historia y Est\u00e9tica del Cine sobre la figuraci\u00f3n y la palabra en el cine de Pedro Costa. Actualmente, su investigaci\u00f3n se centra m\u00e1s espec\u00edficamente en las po\u00e9ticas del compromiso en el cine documental contempor\u00e1neo y en las innovaciones que las tecnolog\u00edas digitales han aportado a sus pr\u00e1cticas, usos y est\u00e9ticas. Marie tambi\u00e9n ha sido miembro del comit\u00e9 doctoral de Rennes para el programa de investigaci\u00f3n internacional TECHNES y redactora en la revista Apaches.<\/p>\t\t\t\t\t\t<\/div>\n\t\t\t\t<\/div>\n\t\t\t\t\t<\/div>\n\t\t<\/div>\n\t\t\t\t\t<\/div>\n\t\t<\/section>\n\t\t\t\t\t<\/div>\n\t\t<\/div>\n\t\t\t\t\t<\/div>\n\t\t<\/section>\n\t\t\t\t<section class=\"elementor-section elementor-top-section elementor-element elementor-element-17fc837 elementor-section-boxed elementor-section-height-default elementor-section-height-default\" data-id=\"17fc837\" data-element_type=\"section\" data-settings=\"{&quot;background_background&quot;:&quot;classic&quot;}\">\n\t\t\t\t\t\t<div class=\"elementor-container elementor-column-gap-default\">\n\t\t\t\t\t<div class=\"elementor-column elementor-col-50 elementor-top-column elementor-element elementor-element-5244d24\" data-id=\"5244d24\" data-element_type=\"column\">\n\t\t\t<div class=\"elementor-widget-wrap elementor-element-populated\">\n\t\t\t\t\t\t<section class=\"elementor-section elementor-inner-section elementor-element elementor-element-6a374c5 elementor-section-boxed elementor-section-height-default elementor-section-height-default\" data-id=\"6a374c5\" data-element_type=\"section\">\n\t\t\t\t\t\t<div class=\"elementor-container elementor-column-gap-default\">\n\t\t\t\t\t<div class=\"elementor-column elementor-col-100 elementor-inner-column elementor-element elementor-element-e7a349b\" data-id=\"e7a349b\" data-element_type=\"column\" data-settings=\"{&quot;background_background&quot;:&quot;classic&quot;}\">\n\t\t\t<div class=\"elementor-widget-wrap elementor-element-populated\">\n\t\t\t\t\t\t<div class=\"elementor-element elementor-element-e2921ad elementor-widget elementor-widget-image\" data-id=\"e2921ad\" data-element_type=\"widget\" data-widget_type=\"image.default\">\n\t\t\t\t<div class=\"elementor-widget-container\">\n\t\t\t\t\t\t\t\t\t\t\t\t\t<img loading=\"lazy\" decoding=\"async\" width=\"300\" height=\"300\" src=\"https:\/\/invivoarts.fr\/wp-content\/uploads\/2025\/04\/Maria-Jose-Avila-Garcia-300x300.png\" class=\"attachment-medium size-medium wp-image-3587\" alt=\"\" srcset=\"https:\/\/invivoarts.fr\/wp-content\/uploads\/2025\/04\/Maria-Jose-Avila-Garcia-300x300.png 300w, https:\/\/invivoarts.fr\/wp-content\/uploads\/2025\/04\/Maria-Jose-Avila-Garcia-150x150.png 150w, https:\/\/invivoarts.fr\/wp-content\/uploads\/2025\/04\/Maria-Jose-Avila-Garcia.png 410w\" sizes=\"(max-width: 300px) 100vw, 300px\" \/>\t\t\t\t\t\t\t\t\t\t\t\t\t<\/div>\n\t\t\t\t<\/div>\n\t\t\t\t<div class=\"elementor-element elementor-element-5e6a30b elementor-widget elementor-widget-spacer\" data-id=\"5e6a30b\" data-element_type=\"widget\" data-widget_type=\"spacer.default\">\n\t\t\t\t<div class=\"elementor-widget-container\">\n\t\t\t\t\t<div class=\"elementor-spacer\">\n\t\t\t<div class=\"elementor-spacer-inner\"><\/div>\n\t\t<\/div>\n\t\t\t\t<\/div>\n\t\t\t\t<\/div>\n\t\t\t\t<div class=\"elementor-element elementor-element-88770a6 elementor-widget elementor-widget-text-editor\" data-id=\"88770a6\" data-element_type=\"widget\" data-widget_type=\"text-editor.default\">\n\t\t\t\t<div class=\"elementor-widget-container\">\n\t\t\t\t\t\t\t<p><b>Mar\u00eda Jos\u00e9 \u00c1vila Garc\u00eda<\/b><\/p>\t\t\t\t\t\t<\/div>\n\t\t\t\t<\/div>\n\t\t\t\t<div class=\"elementor-element elementor-element-7461b73 elementor-widget__width-initial elementor-widget elementor-widget-text-editor\" data-id=\"7461b73\" data-element_type=\"widget\" data-widget_type=\"text-editor.default\">\n\t\t\t\t<div class=\"elementor-widget-container\">\n\t\t\t\t\t\t\t<p>Licenciada en Artes Visuales de la Universidad Pedag\u00f3gica Nacional de Colombia. En su trabajo crea, explora y exhibe historias narrativas po\u00e9ticas y fant\u00e1sticas. Especializada en ilustraci\u00f3n digital, animaci\u00f3n, escenograf\u00eda, arte textil y conceptual. Sus obras han sido presentadas en exposiciones nacionales e internacionales, en Colombia, Espa\u00f1a y Argentina. Su pr\u00e1ctica como docente la llev\u00f3 a trabajar tambi\u00e9n en zonas rurales de Colombia.<\/p>\t\t\t\t\t\t<\/div>\n\t\t\t\t<\/div>\n\t\t\t\t\t<\/div>\n\t\t<\/div>\n\t\t\t\t\t<\/div>\n\t\t<\/section>\n\t\t\t\t\t<\/div>\n\t\t<\/div>\n\t\t\t\t<div class=\"elementor-column elementor-col-50 elementor-top-column elementor-element elementor-element-94eedb0\" data-id=\"94eedb0\" data-element_type=\"column\">\n\t\t\t<div class=\"elementor-widget-wrap elementor-element-populated\">\n\t\t\t\t\t\t<section class=\"elementor-section elementor-inner-section elementor-element elementor-element-ba92beb elementor-section-boxed elementor-section-height-default elementor-section-height-default\" data-id=\"ba92beb\" data-element_type=\"section\">\n\t\t\t\t\t\t<div class=\"elementor-container elementor-column-gap-default\">\n\t\t\t\t\t<div class=\"elementor-column elementor-col-100 elementor-inner-column elementor-element elementor-element-eb549b8\" data-id=\"eb549b8\" data-element_type=\"column\" data-settings=\"{&quot;background_background&quot;:&quot;classic&quot;}\">\n\t\t\t<div class=\"elementor-widget-wrap elementor-element-populated\">\n\t\t\t\t\t\t<div class=\"elementor-element elementor-element-0996acb elementor-widget elementor-widget-image\" data-id=\"0996acb\" data-element_type=\"widget\" data-widget_type=\"image.default\">\n\t\t\t\t<div class=\"elementor-widget-container\">\n\t\t\t\t\t\t\t\t\t\t\t\t\t<img loading=\"lazy\" decoding=\"async\" width=\"300\" height=\"300\" src=\"https:\/\/invivoarts.fr\/wp-content\/uploads\/2025\/04\/Mathilde-Baissus-300x300.png\" class=\"attachment-medium size-medium wp-image-3589\" alt=\"\" srcset=\"https:\/\/invivoarts.fr\/wp-content\/uploads\/2025\/04\/Mathilde-Baissus-300x300.png 300w, https:\/\/invivoarts.fr\/wp-content\/uploads\/2025\/04\/Mathilde-Baissus-150x150.png 150w, https:\/\/invivoarts.fr\/wp-content\/uploads\/2025\/04\/Mathilde-Baissus.png 410w\" sizes=\"(max-width: 300px) 100vw, 300px\" \/>\t\t\t\t\t\t\t\t\t\t\t\t\t<\/div>\n\t\t\t\t<\/div>\n\t\t\t\t<div class=\"elementor-element elementor-element-0b820dd elementor-widget elementor-widget-spacer\" data-id=\"0b820dd\" data-element_type=\"widget\" data-widget_type=\"spacer.default\">\n\t\t\t\t<div class=\"elementor-widget-container\">\n\t\t\t\t\t<div class=\"elementor-spacer\">\n\t\t\t<div class=\"elementor-spacer-inner\"><\/div>\n\t\t<\/div>\n\t\t\t\t<\/div>\n\t\t\t\t<\/div>\n\t\t\t\t<div class=\"elementor-element elementor-element-d64f11a elementor-widget elementor-widget-text-editor\" data-id=\"d64f11a\" data-element_type=\"widget\" data-widget_type=\"text-editor.default\">\n\t\t\t\t<div class=\"elementor-widget-container\">\n\t\t\t\t\t\t\t<p><strong>Mathilde Ba\u00efssus (Math. B.)<\/strong><\/p>\t\t\t\t\t\t<\/div>\n\t\t\t\t<\/div>\n\t\t\t\t<div class=\"elementor-element elementor-element-5ec6e83 elementor-widget__width-initial elementor-widget elementor-widget-text-editor\" data-id=\"5ec6e83\" data-element_type=\"widget\" data-widget_type=\"text-editor.default\">\n\t\t\t\t<div class=\"elementor-widget-container\">\n\t\t\t\t\t\t\t<p>Con una maestr\u00eda en Estudios Teatrales, Math. B. centra su investigaci\u00f3n en los estudios de g\u00e9nero en el teatro, tras haber explorado \u2013 durante su maestr\u00eda \u2013 el impacto cat\u00e1rtico del g\u00e9nero en el teatro contempor\u00e1neo europeo. Despu\u00e9s de obtener la certificaci\u00f3n como docente de literatura francesa en 2022, Math. B. ampl\u00eda sus perspectivas de investigaci\u00f3n hacia la literatura y la gram\u00e1tica, cuestionando las din\u00e1micas constructivas que surgen de las tensiones ling\u00fc\u00edsticas y sociales que sostienen la confrontaci\u00f3n entre la gram\u00e1tica institucional y los discursos constructivos que emergen de las performances y espect\u00e1culos queer.<\/p>\t\t\t\t\t\t<\/div>\n\t\t\t\t<\/div>\n\t\t\t\t\t<\/div>\n\t\t<\/div>\n\t\t\t\t\t<\/div>\n\t\t<\/section>\n\t\t\t\t\t<\/div>\n\t\t<\/div>\n\t\t\t\t\t<\/div>\n\t\t<\/section>\n\t\t\t\t<section class=\"elementor-section elementor-top-section elementor-element elementor-element-ddc0582 elementor-section-boxed elementor-section-height-default elementor-section-height-default\" data-id=\"ddc0582\" data-element_type=\"section\" data-settings=\"{&quot;background_background&quot;:&quot;classic&quot;}\">\n\t\t\t\t\t\t<div class=\"elementor-container elementor-column-gap-default\">\n\t\t\t\t\t<div class=\"elementor-column elementor-col-50 elementor-top-column elementor-element elementor-element-c6cfb3e\" data-id=\"c6cfb3e\" data-element_type=\"column\">\n\t\t\t<div class=\"elementor-widget-wrap elementor-element-populated\">\n\t\t\t\t\t\t<section class=\"elementor-section elementor-inner-section elementor-element elementor-element-f23d3dd elementor-section-boxed elementor-section-height-default elementor-section-height-default\" data-id=\"f23d3dd\" data-element_type=\"section\">\n\t\t\t\t\t\t<div class=\"elementor-container elementor-column-gap-default\">\n\t\t\t\t\t<div class=\"elementor-column elementor-col-100 elementor-inner-column elementor-element elementor-element-93ce994\" data-id=\"93ce994\" data-element_type=\"column\" data-settings=\"{&quot;background_background&quot;:&quot;classic&quot;}\">\n\t\t\t<div class=\"elementor-widget-wrap elementor-element-populated\">\n\t\t\t\t\t\t<div class=\"elementor-element elementor-element-bc0401b elementor-widget elementor-widget-image\" data-id=\"bc0401b\" data-element_type=\"widget\" data-widget_type=\"image.default\">\n\t\t\t\t<div class=\"elementor-widget-container\">\n\t\t\t\t\t\t\t\t\t\t\t\t\t<img loading=\"lazy\" decoding=\"async\" width=\"300\" height=\"300\" src=\"https:\/\/invivoarts.fr\/wp-content\/uploads\/2025\/04\/Melissa-Bertrand-credits-Joan-Tauveron-300x300.png\" class=\"attachment-medium size-medium wp-image-3590\" alt=\"\" srcset=\"https:\/\/invivoarts.fr\/wp-content\/uploads\/2025\/04\/Melissa-Bertrand-credits-Joan-Tauveron-300x300.png 300w, https:\/\/invivoarts.fr\/wp-content\/uploads\/2025\/04\/Melissa-Bertrand-credits-Joan-Tauveron-150x150.png 150w, https:\/\/invivoarts.fr\/wp-content\/uploads\/2025\/04\/Melissa-Bertrand-credits-Joan-Tauveron.png 410w\" sizes=\"(max-width: 300px) 100vw, 300px\" \/>\t\t\t\t\t\t\t\t\t\t\t\t\t<\/div>\n\t\t\t\t<\/div>\n\t\t\t\t<div class=\"elementor-element elementor-element-32d1983 elementor-widget elementor-widget-spacer\" data-id=\"32d1983\" data-element_type=\"widget\" data-widget_type=\"spacer.default\">\n\t\t\t\t<div class=\"elementor-widget-container\">\n\t\t\t\t\t<div class=\"elementor-spacer\">\n\t\t\t<div class=\"elementor-spacer-inner\"><\/div>\n\t\t<\/div>\n\t\t\t\t<\/div>\n\t\t\t\t<\/div>\n\t\t\t\t<div class=\"elementor-element elementor-element-f163d6f elementor-widget elementor-widget-text-editor\" data-id=\"f163d6f\" data-element_type=\"widget\" data-widget_type=\"text-editor.default\">\n\t\t\t\t<div class=\"elementor-widget-container\">\n\t\t\t\t\t\t\t<p><strong>M\u00e9lissa Bertrand<\/strong><\/p>\t\t\t\t\t\t<\/div>\n\t\t\t\t<\/div>\n\t\t\t\t<div class=\"elementor-element elementor-element-630ec44 elementor-widget__width-initial elementor-widget elementor-widget-text-editor\" data-id=\"630ec44\" data-element_type=\"widget\" data-widget_type=\"text-editor.default\">\n\t\t\t\t<div class=\"elementor-widget-container\">\n\t\t\t\t\t\t\t<p>Encargada de las relaciones p\u00fablicas de la Sc\u00e8ne Nationale l\u2019Empreinte (Brive y Tulle, Francia), investigadora y artista. Doctora en Estudios Teatrales de la Sorbona Nueva, M\u00e9lissa organiza o participa en congresos, publica art\u00edculos, dirige publicaciones y ense\u00f1a en la Universidad Saint-Denis Paris 8. Tambi\u00e9n es autora asociada a la Compagnie de l\u2019Arch\u00e9e y beneficiaria de la beca nacional de creaci\u00f3n ARTCENA \u2013 Francia por su obra La Faim aux yeux. Su obra Int\u00e9rieurs (diversas lecturas escenificadas) fue publicada por\u00a0 Editions du Carnet d\u2019Or en 2022 y adaptada en formato de p\u00f3dcast en 2023. Su obra juvenil Le Chant de dessous les \u00eeles (2023) cont\u00f3 con el apoyo del colectivo \u00c0 Mots D\u00e9couverts. Es cofundadora del comit\u00e9 de lectura Le Chardon.<\/p>\t\t\t\t\t\t<\/div>\n\t\t\t\t<\/div>\n\t\t\t\t\t<\/div>\n\t\t<\/div>\n\t\t\t\t\t<\/div>\n\t\t<\/section>\n\t\t\t\t\t<\/div>\n\t\t<\/div>\n\t\t\t\t<div class=\"elementor-column elementor-col-50 elementor-top-column elementor-element elementor-element-133b298\" data-id=\"133b298\" data-element_type=\"column\">\n\t\t\t<div class=\"elementor-widget-wrap elementor-element-populated\">\n\t\t\t\t\t\t<section class=\"elementor-section elementor-inner-section elementor-element elementor-element-6905f03 elementor-section-boxed elementor-section-height-default elementor-section-height-default\" data-id=\"6905f03\" data-element_type=\"section\">\n\t\t\t\t\t\t<div class=\"elementor-container elementor-column-gap-default\">\n\t\t\t\t\t<div class=\"elementor-column elementor-col-100 elementor-inner-column elementor-element elementor-element-6fd2d42\" data-id=\"6fd2d42\" data-element_type=\"column\" data-settings=\"{&quot;background_background&quot;:&quot;classic&quot;}\">\n\t\t\t<div class=\"elementor-widget-wrap elementor-element-populated\">\n\t\t\t\t\t\t<div class=\"elementor-element elementor-element-710b32e elementor-widget elementor-widget-image\" data-id=\"710b32e\" data-element_type=\"widget\" data-widget_type=\"image.default\">\n\t\t\t\t<div class=\"elementor-widget-container\">\n\t\t\t\t\t\t\t\t\t\t\t\t\t<img loading=\"lazy\" decoding=\"async\" width=\"300\" height=\"300\" src=\"https:\/\/invivoarts.fr\/wp-content\/uploads\/2025\/04\/Nadin-Mai-300x300.png\" class=\"attachment-medium size-medium wp-image-3591\" alt=\"\" srcset=\"https:\/\/invivoarts.fr\/wp-content\/uploads\/2025\/04\/Nadin-Mai-300x300.png 300w, https:\/\/invivoarts.fr\/wp-content\/uploads\/2025\/04\/Nadin-Mai-150x150.png 150w, https:\/\/invivoarts.fr\/wp-content\/uploads\/2025\/04\/Nadin-Mai.png 410w\" sizes=\"(max-width: 300px) 100vw, 300px\" \/>\t\t\t\t\t\t\t\t\t\t\t\t\t<\/div>\n\t\t\t\t<\/div>\n\t\t\t\t<div class=\"elementor-element elementor-element-fda087c elementor-widget elementor-widget-spacer\" data-id=\"fda087c\" data-element_type=\"widget\" data-widget_type=\"spacer.default\">\n\t\t\t\t<div class=\"elementor-widget-container\">\n\t\t\t\t\t<div class=\"elementor-spacer\">\n\t\t\t<div class=\"elementor-spacer-inner\"><\/div>\n\t\t<\/div>\n\t\t\t\t<\/div>\n\t\t\t\t<\/div>\n\t\t\t\t<div class=\"elementor-element elementor-element-d06648b elementor-widget elementor-widget-text-editor\" data-id=\"d06648b\" data-element_type=\"widget\" data-widget_type=\"text-editor.default\">\n\t\t\t\t<div class=\"elementor-widget-container\">\n\t\t\t\t\t\t\t<p><strong>Nadin Mai<\/strong><\/p>\t\t\t\t\t\t<\/div>\n\t\t\t\t<\/div>\n\t\t\t\t<div class=\"elementor-element elementor-element-88245fd elementor-widget__width-initial elementor-widget elementor-widget-text-editor\" data-id=\"88245fd\" data-element_type=\"widget\" data-widget_type=\"text-editor.default\">\n\t\t\t\t<div class=\"elementor-widget-container\">\n\t\t\t\t\t\t\t<p>Cr\u00edtica de cine, escritora y profesora de idiomas radicada en Francia. Obtuvo su doctorado en la Universidad de Stirling y ha escrito durante muchos a\u00f1os sobre el cine lento, el tiempo y la duraci\u00f3n en el cine, as\u00ed como sobre el cine del trauma. Ha colaborado en diversos cat\u00e1logos de festivales y medios, entre ellos el BFI, Curzon, Multiplot, entre otros. Adem\u00e1s, cur\u00f3 un programa de cine lento para el servicio canadiense de VoD Highball TV y particip\u00f3 en varios p\u00f3dcast alemanes sobre cine. En 2022, fue seleccionada para participar en la encuesta de Sight &amp; Sound sobre \u2013 The Greatest Films of All Time. Su trabajo ha sido publicado en varios idiomas, como \u00e1rabe, griego, italiano y portugu\u00e9s.<\/p>\t\t\t\t\t\t<\/div>\n\t\t\t\t<\/div>\n\t\t\t\t\t<\/div>\n\t\t<\/div>\n\t\t\t\t\t<\/div>\n\t\t<\/section>\n\t\t\t\t\t<\/div>\n\t\t<\/div>\n\t\t\t\t\t<\/div>\n\t\t<\/section>\n\t\t\t\t<section class=\"elementor-section elementor-top-section elementor-element elementor-element-43691d4 elementor-section-boxed elementor-section-height-default elementor-section-height-default\" data-id=\"43691d4\" data-element_type=\"section\" data-settings=\"{&quot;background_background&quot;:&quot;classic&quot;}\">\n\t\t\t\t\t\t<div class=\"elementor-container elementor-column-gap-default\">\n\t\t\t\t\t<div class=\"elementor-column elementor-col-100 elementor-top-column elementor-element elementor-element-38b2137\" data-id=\"38b2137\" data-element_type=\"column\">\n\t\t\t<div class=\"elementor-widget-wrap elementor-element-populated\">\n\t\t\t\t\t\t<div class=\"elementor-element elementor-element-80a7eff elementor-widget elementor-widget-spacer\" data-id=\"80a7eff\" data-element_type=\"widget\" data-widget_type=\"spacer.default\">\n\t\t\t\t<div class=\"elementor-widget-container\">\n\t\t\t\t\t<div class=\"elementor-spacer\">\n\t\t\t<div class=\"elementor-spacer-inner\"><\/div>\n\t\t<\/div>\n\t\t\t\t<\/div>\n\t\t\t\t<\/div>\n\t\t\t\t<div class=\"elementor-element elementor-element-7ce8e18 elementor-widget elementor-widget-text-editor\" data-id=\"7ce8e18\" data-element_type=\"widget\" data-widget_type=\"text-editor.default\">\n\t\t\t\t<div class=\"elementor-widget-container\">\n\t\t\t\t\t\t\t<p>Comit\u00e9 de Dise\u00f1o<\/p>\t\t\t\t\t\t<\/div>\n\t\t\t\t<\/div>\n\t\t\t\t\t<\/div>\n\t\t<\/div>\n\t\t\t\t\t<\/div>\n\t\t<\/section>\n\t\t\t\t<section class=\"elementor-section elementor-top-section elementor-element elementor-element-d0f10f3 elementor-section-boxed elementor-section-height-default elementor-section-height-default\" data-id=\"d0f10f3\" data-element_type=\"section\" data-settings=\"{&quot;background_background&quot;:&quot;classic&quot;}\">\n\t\t\t\t\t\t<div class=\"elementor-container elementor-column-gap-default\">\n\t\t\t\t\t<div class=\"elementor-column elementor-col-50 elementor-top-column elementor-element elementor-element-6bfbd70\" data-id=\"6bfbd70\" data-element_type=\"column\">\n\t\t\t<div class=\"elementor-widget-wrap elementor-element-populated\">\n\t\t\t\t\t\t<section class=\"elementor-section elementor-inner-section elementor-element elementor-element-e2422cb elementor-section-boxed elementor-section-height-default elementor-section-height-default\" data-id=\"e2422cb\" data-element_type=\"section\">\n\t\t\t\t\t\t<div class=\"elementor-container elementor-column-gap-default\">\n\t\t\t\t\t<div class=\"elementor-column elementor-col-100 elementor-inner-column elementor-element elementor-element-23df7f5\" data-id=\"23df7f5\" data-element_type=\"column\" data-settings=\"{&quot;background_background&quot;:&quot;classic&quot;}\">\n\t\t\t<div class=\"elementor-widget-wrap elementor-element-populated\">\n\t\t\t\t\t\t<div class=\"elementor-element elementor-element-2f9bbdd elementor-widget elementor-widget-image\" data-id=\"2f9bbdd\" data-element_type=\"widget\" data-widget_type=\"image.default\">\n\t\t\t\t<div class=\"elementor-widget-container\">\n\t\t\t\t\t\t\t\t\t\t\t\t\t<img loading=\"lazy\" decoding=\"async\" width=\"300\" height=\"300\" src=\"https:\/\/invivoarts.fr\/wp-content\/uploads\/2025\/04\/BD173827-4947-405F-AD51-BD983E51A1AC-300x300.png\" class=\"attachment-medium size-medium wp-image-4262\" alt=\"\" srcset=\"https:\/\/invivoarts.fr\/wp-content\/uploads\/2025\/04\/BD173827-4947-405F-AD51-BD983E51A1AC-300x300.png 300w, https:\/\/invivoarts.fr\/wp-content\/uploads\/2025\/04\/BD173827-4947-405F-AD51-BD983E51A1AC-150x150.png 150w, https:\/\/invivoarts.fr\/wp-content\/uploads\/2025\/04\/BD173827-4947-405F-AD51-BD983E51A1AC.png 410w\" sizes=\"(max-width: 300px) 100vw, 300px\" \/>\t\t\t\t\t\t\t\t\t\t\t\t\t<\/div>\n\t\t\t\t<\/div>\n\t\t\t\t<div class=\"elementor-element elementor-element-d34e95b elementor-widget elementor-widget-spacer\" data-id=\"d34e95b\" data-element_type=\"widget\" data-widget_type=\"spacer.default\">\n\t\t\t\t<div class=\"elementor-widget-container\">\n\t\t\t\t\t<div class=\"elementor-spacer\">\n\t\t\t<div class=\"elementor-spacer-inner\"><\/div>\n\t\t<\/div>\n\t\t\t\t<\/div>\n\t\t\t\t<\/div>\n\t\t\t\t<div class=\"elementor-element elementor-element-c493947 elementor-widget elementor-widget-text-editor\" data-id=\"c493947\" data-element_type=\"widget\" data-widget_type=\"text-editor.default\">\n\t\t\t\t<div class=\"elementor-widget-container\">\n\t\t\t\t\t\t\t<p><strong>Daniel Herrera Mautino<\/strong><\/p>\t\t\t\t\t\t<\/div>\n\t\t\t\t<\/div>\n\t\t\t\t<div class=\"elementor-element elementor-element-d68eef8 elementor-widget__width-initial elementor-widget elementor-widget-text-editor\" data-id=\"d68eef8\" data-element_type=\"widget\" data-widget_type=\"text-editor.default\">\n\t\t\t\t<div class=\"elementor-widget-container\">\n\t\t\t\t\t\t\tDise\u00f1ador gr\u00e1fico egresado de la Universidad Peruana de Ciencias Aplicadas, creador de contenido y estudiante de marketing. Lidera el equipo de OCTO Estudio, donde se especializa en el dise\u00f1o de identidades visuales para marcas personales, aplicando un proceso meticuloso y estrat\u00e9gico que prioriza el trasfondo conceptual sobre lo est\u00e9tico. Adem\u00e1s, desarrolla contenido para redes sociales, alineando el dise\u00f1o con los objetivos de comunicaci\u00f3n de cada marca. Actualmente estudia marketing para fortalecer sus proyectos y ampliar su capacidad de gesti\u00f3n y posicionamiento de marcas.\n\t\t\t\t\t\t<\/div>\n\t\t\t\t<\/div>\n\t\t\t\t\t<\/div>\n\t\t<\/div>\n\t\t\t\t\t<\/div>\n\t\t<\/section>\n\t\t\t\t\t<\/div>\n\t\t<\/div>\n\t\t\t\t<div class=\"elementor-column elementor-col-50 elementor-top-column elementor-element elementor-element-4704baa\" data-id=\"4704baa\" data-element_type=\"column\">\n\t\t\t<div class=\"elementor-widget-wrap elementor-element-populated\">\n\t\t\t\t\t\t<section class=\"elementor-section elementor-inner-section elementor-element elementor-element-b63b984 elementor-section-boxed elementor-section-height-default elementor-section-height-default\" data-id=\"b63b984\" data-element_type=\"section\">\n\t\t\t\t\t\t<div class=\"elementor-container elementor-column-gap-default\">\n\t\t\t\t\t<div class=\"elementor-column elementor-col-100 elementor-inner-column elementor-element elementor-element-5807f15\" data-id=\"5807f15\" data-element_type=\"column\" data-settings=\"{&quot;background_background&quot;:&quot;classic&quot;}\">\n\t\t\t<div class=\"elementor-widget-wrap elementor-element-populated\">\n\t\t\t\t\t\t<div class=\"elementor-element elementor-element-091d4bc elementor-widget elementor-widget-image\" data-id=\"091d4bc\" data-element_type=\"widget\" data-widget_type=\"image.default\">\n\t\t\t\t<div class=\"elementor-widget-container\">\n\t\t\t\t\t\t\t\t\t\t\t\t\t<img loading=\"lazy\" decoding=\"async\" width=\"300\" height=\"300\" src=\"https:\/\/invivoarts.fr\/wp-content\/uploads\/2025\/04\/1659501648767-300x300.png\" class=\"attachment-medium size-medium wp-image-4260\" alt=\"\" srcset=\"https:\/\/invivoarts.fr\/wp-content\/uploads\/2025\/04\/1659501648767-300x300.png 300w, https:\/\/invivoarts.fr\/wp-content\/uploads\/2025\/04\/1659501648767-150x150.png 150w, https:\/\/invivoarts.fr\/wp-content\/uploads\/2025\/04\/1659501648767.png 410w\" sizes=\"(max-width: 300px) 100vw, 300px\" \/>\t\t\t\t\t\t\t\t\t\t\t\t\t<\/div>\n\t\t\t\t<\/div>\n\t\t\t\t<div class=\"elementor-element elementor-element-ecfa817 elementor-widget elementor-widget-spacer\" data-id=\"ecfa817\" data-element_type=\"widget\" data-widget_type=\"spacer.default\">\n\t\t\t\t<div class=\"elementor-widget-container\">\n\t\t\t\t\t<div class=\"elementor-spacer\">\n\t\t\t<div class=\"elementor-spacer-inner\"><\/div>\n\t\t<\/div>\n\t\t\t\t<\/div>\n\t\t\t\t<\/div>\n\t\t\t\t<div class=\"elementor-element elementor-element-393831b elementor-widget elementor-widget-text-editor\" data-id=\"393831b\" data-element_type=\"widget\" data-widget_type=\"text-editor.default\">\n\t\t\t\t<div class=\"elementor-widget-container\">\n\t\t\t\t\t\t\t<p><strong>Leticia Barboza Ayala<\/strong><\/p>\t\t\t\t\t\t<\/div>\n\t\t\t\t<\/div>\n\t\t\t\t<div class=\"elementor-element elementor-element-25638de elementor-widget__width-initial elementor-widget elementor-widget-text-editor\" data-id=\"25638de\" data-element_type=\"widget\" data-widget_type=\"text-editor.default\">\n\t\t\t\t<div class=\"elementor-widget-container\">\n\t\t\t\t\t\t\t<p>Dise\u00f1adora gr\u00e1fica egresada de la Universidad Peruana de Ciencias Aplicadas y creadora de contenido con experiencia en marketing, dise\u00f1o digital y comunicaci\u00f3n. Lidera el equipo de OCTO Estudio, participando en proyectos estrat\u00e9gicos para marcas personales y organizaciones. Ha trabajado principalmente en los sectores educativo y gastron\u00f3mico, liderando proyectos de branding, redes sociales y UX\/UI. Se caracteriza por su creatividad estrat\u00e9gica y la capacidad de conectar marcas con sus audiencias de manera aut\u00e9ntica, utilizando el dise\u00f1o como herramienta para generar emociones y fortalecer identidades.<\/p>\t\t\t\t\t\t<\/div>\n\t\t\t\t<\/div>\n\t\t\t\t\t<\/div>\n\t\t<\/div>\n\t\t\t\t\t<\/div>\n\t\t<\/section>\n\t\t\t\t\t<\/div>\n\t\t<\/div>\n\t\t\t\t\t<\/div>\n\t\t<\/section>\n\t\t\t\t<section class=\"elementor-section elementor-top-section elementor-element elementor-element-dad9006 elementor-section-content-middle elementor-section-boxed elementor-section-height-default elementor-section-height-default\" data-id=\"dad9006\" data-element_type=\"section\" data-settings=\"{&quot;background_background&quot;:&quot;classic&quot;}\">\n\t\t\t\t\t\t<div class=\"elementor-container elementor-column-gap-default\">\n\t\t\t\t\t<div class=\"elementor-column elementor-col-50 elementor-top-column elementor-element elementor-element-10d6b00\" data-id=\"10d6b00\" data-element_type=\"column\">\n\t\t\t<div class=\"elementor-widget-wrap elementor-element-populated\">\n\t\t\t\t\t\t<div class=\"elementor-element elementor-element-5df0012 elementor-position-left elementor-vertical-align-middle elementor-widget__width-initial elementor-mobile-position-left elementor-vertical-align-bottom elementor-widget-mobile__width-initial elementor-view-default elementor-widget elementor-widget-icon-box\" data-id=\"5df0012\" data-element_type=\"widget\" data-widget_type=\"icon-box.default\">\n\t\t\t\t<div class=\"elementor-widget-container\">\n\t\t\t\t\t<div class=\"elementor-icon-box-wrapper\">\n\n\t\t\t\t\t\t<div class=\"elementor-icon-box-icon\">\n\t\t\t\t<a href=\"https:\/\/bsky.app\/profile\/invivoarts.bsky.social\" target=\"_blank\" class=\"elementor-icon elementor-animation-\" tabindex=\"-1\">\n\t\t\t\t<svg xmlns=\"http:\/\/www.w3.org\/2000\/svg\" width=\"46.6\" height=\"41.03\" viewBox=\"0 0 46.6 41.03\"><path id=\"Bluesky_Logo\" d=\"M20.1,12.417C25.44,16.428,31.187,24.56,33.3,28.924c2.11-4.364,7.856-12.5,13.2-16.507,3.855-2.894,10.1-5.133,10.1,1.992,0,1.423-.816,11.954-1.294,13.664-1.663,5.944-7.725,7.46-13.116,6.543,9.424,1.6,11.822,6.917,6.644,12.23C39,56.936,34.7,44.314,33.594,41.08c-.2-.593-.3-.87-.3-.634,0-.236-.1.042-.3.634-1.1,3.234-5.4,15.857-15.236,5.766-5.178-5.313-2.78-10.626,6.644-12.23-5.392.918-11.453-.6-13.116-6.543C10.812,26.363,10,15.832,10,14.409c0-7.125,6.246-4.886,10.1-1.992Z\" transform=\"translate(-9.997 -9.655)\" fill=\"#f2f2f2\"><\/path><\/svg>\t\t\t\t<\/a>\n\t\t\t<\/div>\n\t\t\t\n\t\t\t\t\t\t<div class=\"elementor-icon-box-content\">\n\n\t\t\t\t\t\t\t\t\t<h6 class=\"elementor-icon-box-title\">\n\t\t\t\t\t\t<a href=\"https:\/\/bsky.app\/profile\/invivoarts.bsky.social\" target=\"_blank\" >\n\t\t\t\t\t\t\t@InVivoArts\t\t\t\t\t\t<\/a>\n\t\t\t\t\t<\/h6>\n\t\t\t\t\n\t\t\t\t\n\t\t\t<\/div>\n\t\t\t\n\t\t<\/div>\n\t\t\t\t<\/div>\n\t\t\t\t<\/div>\n\t\t\t\t\t<\/div>\n\t\t<\/div>\n\t\t\t\t<div class=\"elementor-column elementor-col-50 elementor-top-column elementor-element elementor-element-5114b23\" data-id=\"5114b23\" data-element_type=\"column\">\n\t\t\t<div class=\"elementor-widget-wrap elementor-element-populated\">\n\t\t\t\t\t\t<div class=\"elementor-element elementor-element-4c5c0e8 elementor-position-left elementor-vertical-align-middle elementor-widget__width-initial elementor-mobile-position-left elementor-widget-mobile__width-initial elementor-vertical-align-middle elementor-view-default elementor-widget elementor-widget-icon-box\" data-id=\"4c5c0e8\" data-element_type=\"widget\" data-widget_type=\"icon-box.default\">\n\t\t\t\t<div class=\"elementor-widget-container\">\n\t\t\t\t\t<div class=\"elementor-icon-box-wrapper\">\n\n\t\t\t\t\t\t<div class=\"elementor-icon-box-icon\">\n\t\t\t\t<span  class=\"elementor-icon elementor-animation-\">\n\t\t\t\t<svg xmlns=\"http:\/\/www.w3.org\/2000\/svg\" width=\"48.945\" height=\"41.03\" viewBox=\"0 0 48.945 41.03\"><path id=\"Trazado_39\" data-name=\"Trazado 39\" d=\"M43.089,44.589H8.174a7.022,7.022,0,0,1-7.015-7.015v-27A7.022,7.022,0,0,1,8.174,3.559H43.089A7.022,7.022,0,0,1,50.1,10.574v27a7.022,7.022,0,0,1-7.015,7.015ZM6.072,40.638a3.7,3.7,0,0,0,2.1.653H43.089a3.7,3.7,0,0,0,2.1-.654L34.753,22.815l-5.762,6.377a4.515,4.515,0,0,1-6.722,0l-5.758-6.373ZM4.584,9.612a3.678,3.678,0,0,0-.126.961v26.3l9.735-16.62ZM37.071,20.249l9.735,16.62V10.574a3.7,3.7,0,0,0-.126-.961ZM6.783,7.127,24.719,26.981a1.243,1.243,0,0,0,1.82,0L44.481,7.128a3.689,3.689,0,0,0-1.391-.271H8.174a3.7,3.7,0,0,0-1.391.27Z\" transform=\"translate(-1.159 -3.559)\" fill=\"#f2f2f2\"><\/path><\/svg>\t\t\t\t<\/span>\n\t\t\t<\/div>\n\t\t\t\n\t\t\t\t\t\t<div class=\"elementor-icon-box-content\">\n\n\t\t\t\t\t\t\t\t\t<h6 class=\"elementor-icon-box-title\">\n\t\t\t\t\t\t<span  >\n\t\t\t\t\t\t\tinvivoarts@gmail.com\t\t\t\t\t\t<\/span>\n\t\t\t\t\t<\/h6>\n\t\t\t\t\n\t\t\t\t\n\t\t\t<\/div>\n\t\t\t\n\t\t<\/div>\n\t\t\t\t<\/div>\n\t\t\t\t<\/div>\n\t\t\t\t\t<\/div>\n\t\t<\/div>\n\t\t\t\t\t<\/div>\n\t\t<\/section>\n\t\t\t\t<\/div>\n\t\t","protected":false},"excerpt":{"rendered":"<p>Direcci\u00f3n Editorial Alexandru Bumbas Coeditor en jefe Profesor de teatro en la Escuela de Arte Dram\u00e1tico del Teatro Nacional de Bogot\u00e1, Colombia. Doctor en Estudios Teatrales (Sorbona Nueva, Par\u00eds) y doctorando en Estudios Jud\u00edos (INALCO, Par\u00eds), dramaturgo y director de escena. Galardonado con la Aide nationale \u00e0 la cr\u00e9ation dramatique \u2013 ARTCENA. Becario de la [&hellip;]<\/p>\n","protected":false},"author":1,"featured_media":0,"parent":0,"menu_order":0,"comment_status":"closed","ping_status":"closed","template":"","meta":{"_uag_custom_page_level_css":"","site-sidebar-layout":"no-sidebar","site-content-layout":"page-builder","ast-site-content-layout":"","site-content-style":"default","site-sidebar-style":"default","ast-global-header-display":"","ast-banner-title-visibility":"","ast-main-header-display":"","ast-hfb-above-header-display":"","ast-hfb-below-header-display":"","ast-hfb-mobile-header-display":"","site-post-title":"disabled","ast-breadcrumbs-content":"","ast-featured-img":"disabled","footer-sml-layout":"","theme-transparent-header-meta":"","adv-header-id-meta":"","stick-header-meta":"","header-above-stick-meta":"","header-main-stick-meta":"","header-below-stick-meta":"","astra-migrate-meta-layouts":"default","ast-page-background-enabled":"default","ast-page-background-meta":{"desktop":{"background-color":"","background-image":"","background-repeat":"repeat","background-position":"center center","background-size":"auto","background-attachment":"scroll","background-type":"","background-media":"","overlay-type":"","overlay-color":"","overlay-opacity":"","overlay-gradient":""},"tablet":{"background-color":"","background-image":"","background-repeat":"repeat","background-position":"center center","background-size":"auto","background-attachment":"scroll","background-type":"","background-media":"","overlay-type":"","overlay-color":"","overlay-opacity":"","overlay-gradient":""},"mobile":{"background-color":"","background-image":"","background-repeat":"repeat","background-position":"center center","background-size":"auto","background-attachment":"scroll","background-type":"","background-media":"","overlay-type":"","overlay-color":"","overlay-opacity":"","overlay-gradient":""}},"ast-content-background-meta":{"desktop":{"background-color":"var(--ast-global-color-5)","background-image":"","background-repeat":"repeat","background-position":"center center","background-size":"auto","background-attachment":"scroll","background-type":"","background-media":"","overlay-type":"","overlay-color":"","overlay-opacity":"","overlay-gradient":""},"tablet":{"background-color":"var(--ast-global-color-5)","background-image":"","background-repeat":"repeat","background-position":"center center","background-size":"auto","background-attachment":"scroll","background-type":"","background-media":"","overlay-type":"","overlay-color":"","overlay-opacity":"","overlay-gradient":""},"mobile":{"background-color":"var(--ast-global-color-5)","background-image":"","background-repeat":"repeat","background-position":"center center","background-size":"auto","background-attachment":"scroll","background-type":"","background-media":"","overlay-type":"","overlay-color":"","overlay-opacity":"","overlay-gradient":""}},"footnotes":""},"class_list":["post-2797","page","type-page","status-publish","hentry"],"uagb_featured_image_src":{"full":false,"thumbnail":false,"medium":false,"medium_large":false,"large":false,"1536x1536":false,"2048x2048":false},"uagb_author_info":{"display_name":"admin","author_link":"https:\/\/invivoarts.fr\/?author=1"},"uagb_comment_info":0,"uagb_excerpt":"Direcci\u00f3n Editorial Alexandru Bumbas Coeditor en jefe Profesor de teatro en la Escuela de Arte Dram\u00e1tico del Teatro Nacional de Bogot\u00e1, Colombia. Doctor en Estudios Teatrales (Sorbona Nueva, Par\u00eds) y doctorando en Estudios Jud\u00edos (INALCO, Par\u00eds), dramaturgo y director de escena. Galardonado con la Aide nationale \u00e0 la cr\u00e9ation dramatique \u2013 ARTCENA. Becario de la&hellip;","_links":{"self":[{"href":"https:\/\/invivoarts.fr\/index.php?rest_route=\/wp\/v2\/pages\/2797","targetHints":{"allow":["GET"]}}],"collection":[{"href":"https:\/\/invivoarts.fr\/index.php?rest_route=\/wp\/v2\/pages"}],"about":[{"href":"https:\/\/invivoarts.fr\/index.php?rest_route=\/wp\/v2\/types\/page"}],"author":[{"embeddable":true,"href":"https:\/\/invivoarts.fr\/index.php?rest_route=\/wp\/v2\/users\/1"}],"replies":[{"embeddable":true,"href":"https:\/\/invivoarts.fr\/index.php?rest_route=%2Fwp%2Fv2%2Fcomments&post=2797"}],"version-history":[{"count":86,"href":"https:\/\/invivoarts.fr\/index.php?rest_route=\/wp\/v2\/pages\/2797\/revisions"}],"predecessor-version":[{"id":4952,"href":"https:\/\/invivoarts.fr\/index.php?rest_route=\/wp\/v2\/pages\/2797\/revisions\/4952"}],"wp:attachment":[{"href":"https:\/\/invivoarts.fr\/index.php?rest_route=%2Fwp%2Fv2%2Fmedia&parent=2797"}],"curies":[{"name":"wp","href":"https:\/\/api.w.org\/{rel}","templated":true}]}}